{"id":1434,"date":"2016-10-02T10:52:14","date_gmt":"2016-10-02T09:52:14","guid":{"rendered":"http:\/\/ecolejjmichel.be\/?page_id=1434"},"modified":"2016-10-02T11:51:48","modified_gmt":"2016-10-02T10:51:48","slug":"annee-scolaire-2016-2017","status":"publish","type":"page","link":"https:\/\/ecolejjmichel.be\/index.php\/annee-scolaire-2016-2017\/","title":{"rendered":"Ann\u00e9e scolaire 2016-2017"},"content":{"rendered":"<p>Vous trouverez dans ces sous-menus toutes les articles publi\u00e9es au sujet des diff\u00e9rentes classes et niveaux de l&rsquo;\u00e9cole qui concernent l&rsquo;ann\u00e9e scolaire 2016-2017<\/p>\n<hr \/>\n<p><span style=\"text-decoration: underline;\"><strong>MATERNEL<\/strong><\/span><\/p>\n<p>ACC \u00a0\u00a0 \u00a0\u00a0\u00a0 \u00a0\u00a0\u00a0\u00a0\u00a0\u00a0\u00a0\u00a0\u00a0\u00a0\u00a0 Carine BODENHORST<\/p>\n<p>M1J \u00a0\u00a0 \u00a0\u00a0\u00a0 \u00a0\u00a0\u00a0\u00a0\u00a0\u00a0\u00a0\u00a0\u00a0\u00a0\u00a0\u00a0 J\u00e9r\u00e9my HERAUT<br \/>\nM1S \u00a0\u00a0 \u00a0\u00a0\u00a0 \u00a0\u00a0\u00a0\u00a0\u00a0 \u00a0 \u00a0 \u00a0 St\u00e9phanie DASSONVILLE<\/p>\n<p>M2I\u00a0 M3I\u00a0\u00a0 \u00a0\u00a0\u00a0\u00a0\u00a0\u00a0\u00a0\u00a0\u00a0\u00a0 Isabelle VAN DE WALLE<br \/>\nM2JO M3JO \u00a0\u00a0 \u00a0\u00a0 Jo\u00eblle CANTRAINE<br \/>\nM2E\u00a0 M3E\u00a0\u00a0 \u00a0\u00a0\u00a0\u00a0\u00a0\u00a0\u00a0 Elise PASTEEL<br \/>\nM2V\u00a0 M3V\u00a0\u00a0 \u00a0\u00a0\u00a0\u00a0\u00a0\u00a0\u00a0 Virginie NEEFS<\/p>\n<p><strong><span style=\"text-decoration: underline;\">PRIMAIRE<\/span><\/strong><\/p>\n<p>P1E\u00a0\u00a0 \u00a0\u00a0\u00a0 \u00a0\u00a0\u00a0\u00a0\u00a0\u00a0\u00a0\u00a0\u00a0\u00a0\u00a0\u00a0\u00a0\u00a0 Emilie VANDERMEERSCH<br \/>\nP1C\u00a0\u00a0 \u00a0\u00a0\u00a0 \u00a0\u00a0\u00a0\u00a0\u00a0\u00a0\u00a0\u00a0\u00a0\u00a0\u00a0\u00a0\u00a0\u00a0 Caroline JONCKHEERE<br \/>\nP2L\u00a0\u00a0 \u00a0\u00a0\u00a0 \u00a0\u00a0\u00a0\u00a0\u00a0\u00a0\u00a0\u00a0\u00a0\u00a0\u00a0\u00a0\u00a0\u00a0 L\u00e9na\u00efg GUILLEMAUD<br \/>\nP2I\u00a0\u00a0 \u00a0\u00a0\u00a0 \u00a0\u00a0\u00a0\u00a0\u00a0\u00a0\u00a0\u00a0\u00a0\u00a0\u00a0\u00a0 \u00a0\u00a0 Ingrid DE WAAL<\/p>\n<p>P3J\u00a0\u00a0 \u00a0\u00a0\u00a0 \u00a0 \u00a0\u00a0\u00a0\u00a0\u00a0\u00a0\u00a0\u00a0\u00a0\u00a0\u00a0\u00a0 Justine LEURS<br \/>\nP3JU\u00a0\u00a0 \u00a0\u00a0\u00a0 \u00a0 \u00a0\u00a0\u00a0\u00a0\u00a0\u00a0\u00a0\u00a0\u00a0 Julien VERSER<br \/>\nP4L\u00a0\u00a0 \u00a0\u00a0\u00a0 \u00a0 \u00a0\u00a0\u00a0\u00a0\u00a0\u00a0\u00a0\u00a0\u00a0\u00a0\u00a0\u00a0 Louisa BENGUEMBOUR<br \/>\nP4S\u00a0\u00a0 \u00a0\u00a0\u00a0 \u00a0 \u00a0\u00a0\u00a0\u00a0\u00a0\u00a0\u00a0\u00a0\u00a0\u00a0\u00a0\u00a0 Sandra HADDAN<\/p>\n<p>P5N\u00a0\u00a0 \u00a0\u00a0\u00a0 \u00a0 \u00a0\u00a0\u00a0\u00a0\u00a0\u00a0\u00a0\u00a0\u00a0\u00a0\u00a0\u00a0 Nancy CUVELIER<br \/>\nP5O\u00a0\u00a0 \u00a0\u00a0\u00a0 \u00a0 \u00a0\u00a0\u00a0\u00a0\u00a0\u00a0\u00a0\u00a0\u00a0\u00a0\u00a0\u00a0 Olivia DEVIS<br \/>\nP6A\u00a0\u00a0 \u00a0\u00a0\u00a0 \u00a0 \u00a0\u00a0\u00a0\u00a0\u00a0\u00a0\u00a0\u00a0\u00a0\u00a0\u00a0\u00a0 Ang\u00e9lique CALLEWAERT<br \/>\nP6S\u00a0\u00a0 \u00a0\u00a0\u00a0 \u00a0 \u00a0\u00a0\u00a0\u00a0\u00a0\u00a0\u00a0\u00a0\u00a0\u00a0\u00a0\u00a0 Sidney CONEM<\/p>\n","protected":false},"excerpt":{"rendered":"<p>Vous trouverez dans ces sous-menus toutes les articles publi\u00e9es au sujet des diff\u00e9rentes classes et niveaux de l&rsquo;\u00e9cole qui concernent l&rsquo;ann\u00e9e scolaire 2016-2017 MATERNEL ACC \u00a0\u00a0 \u00a0\u00a0\u00a0 \u00a0\u00a0\u00a0\u00a0\u00a0\u00a0\u00a0\u00a0\u00a0\u00a0\u00a0 Carine BODENHORST M1J \u00a0\u00a0 \u00a0\u00a0\u00a0 \u00a0\u00a0\u00a0\u00a0\u00a0\u00a0\u00a0\u00a0\u00a0\u00a0\u00a0\u00a0 J\u00e9r\u00e9my HERAUT M1S \u00a0\u00a0 \u00a0\u00a0\u00a0 \u00a0\u00a0\u00a0\u00a0\u00a0<span class=\"ellipsis\">&hellip;<\/span><\/p>\n<div class=\"read-more\"><a href=\"https:\/\/ecolejjmichel.be\/index.php\/annee-scolaire-2016-2017\/\">Lire la suite <span class=\"screen-reader-text\">Ann\u00e9e scolaire 2016-2017<\/span><span class=\"meta-nav\"> &#8250;<\/span><\/a><\/div>\n<p><!-- end of .read-more --><\/p>\n","protected":false},"author":1,"featured_media":0,"parent":0,"menu_order":0,"comment_status":"closed","ping_status":"closed","template":"","meta":[],"_links":{"self":[{"href":"https:\/\/ecolejjmichel.be\/index.php\/wp-json\/wp\/v2\/pages\/1434"}],"collection":[{"href":"https:\/\/ecolejjmichel.be\/index.php\/wp-json\/wp\/v2\/pages"}],"about":[{"href":"https:\/\/ecolejjmichel.be\/index.php\/wp-json\/wp\/v2\/types\/page"}],"author":[{"embeddable":true,"href":"https:\/\/ecolejjmichel.be\/index.php\/wp-json\/wp\/v2\/users\/1"}],"replies":[{"embeddable":true,"href":"https:\/\/ecolejjmichel.be\/index.php\/wp-json\/wp\/v2\/comments?post=1434"}],"version-history":[{"count":6,"href":"https:\/\/ecolejjmichel.be\/index.php\/wp-json\/wp\/v2\/pages\/1434\/revisions"}],"predecessor-version":[{"id":1448,"href":"https:\/\/ecolejjmichel.be\/index.php\/wp-json\/wp\/v2\/pages\/1434\/revisions\/1448"}],"wp:attachment":[{"href":"https:\/\/ecolejjmichel.be\/index.php\/wp-json\/wp\/v2\/media?parent=1434"}],"curies":[{"name":"wp","href":"https:\/\/api.w.org\/{rel}","templated":true}]}}